{"id":111,"date":"2026-01-06T17:48:37","date_gmt":"2026-01-06T17:48:37","guid":{"rendered":"https:\/\/christophbarth.online\/?page_id=111"},"modified":"2026-02-05T18:32:33","modified_gmt":"2026-02-05T18:32:33","slug":"temas-en-evolucio","status":"publish","type":"page","link":"https:\/\/frequenz-der-seele.online\/es\/temas-en-evolucio\/","title":{"rendered":"Temas en Transformaci\u00f3n"},"content":{"rendered":"\n<p>No toda inquietud surge de circunstancias personales. Muchas de las preguntas que hoy ocupan a las personas est\u00e1n relacionadas con cambios en el exterior: tensiones pol\u00edticas, presencia medi\u00e1tica constante, inseguridad en el \u00e1mbito profesional, desarrollos tecnol\u00f3gicos que avanzan m\u00e1s r\u00e1pido que la capacidad de asimilaci\u00f3n interior. Detr\u00e1s de estos movimientos suelen existir miedos que rara vez se expresan abiertamente. No de forma ruidosa \u2014 sino subyacente.<\/p>\n\n\n\n<p>Los siguientes textos abordan estos temas en la misma forma dial\u00f3gica que el libro&nbsp;<strong>La Frecuencia del Alma<\/strong>. En ellos se confrontan los intereses del poder y del orden con la percepci\u00f3n personal y la responsabilidad individual.<\/p>\n\n\n\n<p>No se trata de explicar el mundo. Sino de aclarar \u2014 y fortalecer \u2014 la propia postura. Para no participar en toda desviaci\u00f3n solo porque haya sido declarada normal.<\/p>\n\n\n<ul class=\"wp-block-latest-posts__list wp-block-latest-posts\"><li><a class=\"wp-block-latest-posts__post-title\" href=\"https:\/\/frequenz-der-seele.online\/es\/ein-denkraum-uber-sprache-risiko-und-freiheit\/\">Culpa y emprendimientoUn espacio de reflexi\u00f3n sobre lenguaje, riesgo y libertad<\/a><div class=\"wp-block-latest-posts__post-excerpt\">Durante mucho tiempo mantuve esta conversaci\u00f3n con Klaus dentro de una l\u00f3gica que me resultaba familiar. Razonable. Prudente. Responsable. La manera alemana de hablar sobre emprendimiento. &#8230; <a title=\"Culpa y emprendimientoUn espacio de reflexi\u00f3n sobre lenguaje, riesgo y libertad\" class=\"read-more\" href=\"https:\/\/frequenz-der-seele.online\/es\/ein-denkraum-uber-sprache-risiko-und-freiheit\/\" aria-label=\"Leer m\u00e1s sobre Culpa y emprendimientoUn espacio de reflexi\u00f3n sobre lenguaje, riesgo y libertad\">Leer m\u00e1s<\/a><\/div><\/li>\n<li><a class=\"wp-block-latest-posts__post-title\" href=\"https:\/\/frequenz-der-seele.online\/es\/wenn-sicherheit-wichtiger-wird-als-wahrheit\/\">Cuando la seguridad se vuelve m\u00e1s importante que la verdad<\/a><div class=\"wp-block-latest-posts__post-excerpt\">A menudo me hago la pregunta: \u00bfqu\u00e9 es la verdad? Cada persona tiene su propia verdad. Y cuanto m\u00e1s reflexiono sobre ello, m\u00e1s claro veo que &#8230; <a title=\"Cuando la seguridad se vuelve m\u00e1s importante que la verdad\" class=\"read-more\" href=\"https:\/\/frequenz-der-seele.online\/es\/wenn-sicherheit-wichtiger-wird-als-wahrheit\/\" aria-label=\"Leer m\u00e1s sobre Cuando la seguridad se vuelve m\u00e1s importante que la verdad\">Leer m\u00e1s<\/a><\/div><\/li>\n<li><a class=\"wp-block-latest-posts__post-title\" href=\"https:\/\/frequenz-der-seele.online\/es\/cuando-el-control-tranquiliza-y-al-mismo-tiempo-estrecha-el-espacio\/\">Cuando el control tranquiliza \u2014 y al mismo tiempo estrecha el espacio<\/a><div class=\"wp-block-latest-posts__post-excerpt\">Estoy sentado en el despacho de Klaus. He tardado casi una hora en pasar todos los controles de seguridad. Me han retirado la botella de agua &#8230; <a title=\"Cuando el control tranquiliza \u2014 y al mismo tiempo estrecha el espacio\" class=\"read-more\" href=\"https:\/\/frequenz-der-seele.online\/es\/cuando-el-control-tranquiliza-y-al-mismo-tiempo-estrecha-el-espacio\/\" aria-label=\"Leer m\u00e1s sobre Cuando el control tranquiliza \u2014 y al mismo tiempo estrecha el espacio\">Leer m\u00e1s<\/a><\/div><\/li>\n<\/ul>\n\n\n<p><\/p>\n","protected":false},"excerpt":{"rendered":"<p>No toda inquietud surge de circunstancias personales. Muchas de las preguntas que hoy ocupan a las personas est\u00e1n relacionadas con cambios en el exterior: tensiones pol\u00edticas, presencia medi\u00e1tica constante, inseguridad en el \u00e1mbito profesional, desarrollos tecnol\u00f3gicos que avanzan m\u00e1s r\u00e1pido que la capacidad de asimilaci\u00f3n interior. Detr\u00e1s de estos movimientos suelen existir miedos que rara &#8230; <a title=\"Temas en Transformaci\u00f3n\" class=\"read-more\" href=\"https:\/\/frequenz-der-seele.online\/es\/temas-en-evolucio\/\" aria-label=\"Leer m\u00e1s sobre Temas en Transformaci\u00f3n\">Leer m\u00e1s<\/a><\/p>\n","protected":false},"author":1,"featured_media":0,"parent":0,"menu_order":0,"comment_status":"closed","ping_status":"closed","template":"","meta":{"_acf_changed":false,"footnotes":""},"class_list":["post-111","page","type-page","status-publish"],"acf":[],"_links":{"self":[{"href":"https:\/\/frequenz-der-seele.online\/es\/wp-json\/wp\/v2\/pages\/111","targetHints":{"allow":["GET"]}}],"collection":[{"href":"https:\/\/frequenz-der-seele.online\/es\/wp-json\/wp\/v2\/pages"}],"about":[{"href":"https:\/\/frequenz-der-seele.online\/es\/wp-json\/wp\/v2\/types\/page"}],"author":[{"embeddable":true,"href":"https:\/\/frequenz-der-seele.online\/es\/wp-json\/wp\/v2\/users\/1"}],"replies":[{"embeddable":true,"href":"https:\/\/frequenz-der-seele.online\/es\/wp-json\/wp\/v2\/comments?post=111"}],"version-history":[{"count":6,"href":"https:\/\/frequenz-der-seele.online\/es\/wp-json\/wp\/v2\/pages\/111\/revisions"}],"predecessor-version":[{"id":613,"href":"https:\/\/frequenz-der-seele.online\/es\/wp-json\/wp\/v2\/pages\/111\/revisions\/613"}],"wp:attachment":[{"href":"https:\/\/frequenz-der-seele.online\/es\/wp-json\/wp\/v2\/media?parent=111"}],"curies":[{"name":"wp","href":"https:\/\/api.w.org\/{rel}","templated":true}]}}